{"id":6,"date":"2019-02-28T13:07:29","date_gmt":"2019-02-28T13:07:29","guid":{"rendered":"https:\/\/www.meyer-immobilien.com\/?page_id=6"},"modified":"2022-05-31T08:03:52","modified_gmt":"2022-05-31T08:03:52","slug":"food-blog-home","status":"publish","type":"page","link":"https:\/\/www.meyer-immobilien.com\/","title":{"rendered":"Home"},"content":{"rendered":"<p><div class=\"fusion-fullwidth fullwidth-box fusion-builder-row-1 fusion-flex-container fusion-parallax-none nonhundred-percent-fullwidth non-hundred-percent-height-scrolling\" style=\"--awb-border-radius-top-left:0px;--awb-border-radius-top-right:0px;--awb-border-radius-bottom-right:0px;--awb-border-radius-bottom-left:0px;--awb-padding-top:140px;--awb-padding-bottom:220px;--awb-padding-right-medium:40px;--awb-padding-left-medium:40px;--awb-padding-right-small:30px;--awb-padding-left-small:30px;--awb-background-image:url(&quot;https:\/\/www.meyer-immobilien.com\/wp-content\/uploads\/2022\/05\/DJI_0327_2-scaled.jpg&quot;);--awb-background-size:cover;--awb-flex-wrap:wrap;\" ><div class=\"fusion-builder-row fusion-row fusion-flex-align-items-flex-start fusion-flex-justify-content-center fusion-flex-content-wrap\" style=\"max-width:1248px;margin-left: calc(-4% \/ 2 );margin-right: calc(-4% \/ 2 );\"><div class=\"fusion-layout-column fusion_builder_column fusion-builder-column-0 fusion_builder_column_3_5 3_5 fusion-flex-column fusion-flex-align-self-stretch\" style=\"--awb-padding-top:50px;--awb-overflow:hidden;--awb-bg-color:#ffffff;--awb-bg-color-hover:#ffffff;--awb-bg-size:cover;--awb-border-radius:12px 12px 12px 12px;--awb-width-large:60%;--awb-margin-top-large:0px;--awb-spacing-right-large:3.2%;--awb-margin-bottom-large:10px;--awb-spacing-left-large:3.2%;--awb-width-medium:75%;--awb-order-medium:0;--awb-spacing-right-medium:2.56%;--awb-spacing-left-medium:2.56%;--awb-width-small:100%;--awb-order-small:0;--awb-spacing-right-small:1.92%;--awb-spacing-left-small:1.92%;\"><div class=\"fusion-column-wrapper fusion-column-has-shadow fusion-flex-justify-content-center fusion-content-layout-column fusion-content-nowrap\"><div class=\"fusion-text fusion-text-1\" style=\"--awb-text-transform:none;\"><h1 style=\"text-align: center;\">MEYER IMMOBILIEN<\/h1>\n<\/div><\/div><\/div><div class=\"fusion-layout-column fusion_builder_column fusion-builder-column-1 fusion_builder_column_3_5 3_5 fusion-flex-column fusion-flex-align-self-stretch\" style=\"--awb-overflow:hidden;--awb-bg-size:cover;--awb-border-radius:12px 12px 12px 12px;--awb-width-large:60%;--awb-margin-top-large:-20px;--awb-spacing-right-large:3.2%;--awb-margin-bottom-large:10px;--awb-spacing-left-large:3.2%;--awb-width-medium:75%;--awb-order-medium:0;--awb-spacing-right-medium:2.56%;--awb-spacing-left-medium:2.56%;--awb-width-small:100%;--awb-order-small:0;--awb-spacing-right-small:1.92%;--awb-spacing-left-small:1.92%;\"><div class=\"fusion-column-wrapper fusion-column-has-shadow fusion-flex-justify-content-center fusion-content-layout-column fusion-content-nowrap\"><div style=\"text-align:center;\"><a class=\"fusion-button button-flat fusion-button-default-size button-default fusion-button-default button-1 fusion-button-default-span fusion-button-default-type\" style=\"--button-border-radius-top-left:6px;--button-border-radius-top-right:6px;--button-border-radius-bottom-right:6px;--button-border-radius-bottom-left:6px;\" target=\"_blank\" rel=\"noopener noreferrer\" href=\"https:\/\/ferien-lahnstein.webseiten-entwicklung.de\/ferienhaus-lahneck\/\"><span class=\"fusion-button-text\">UNSERE EMPFEHLUNG<\/span><\/a><\/div><\/div><\/div><\/div><\/div><div class=\"fusion-fullwidth fullwidth-box fusion-builder-row-2 fusion-flex-container nonhundred-percent-fullwidth non-hundred-percent-height-scrolling\" style=\"--awb-background-position:left top;--awb-background-repeat:repeat;--awb-border-sizes-top:0px;--awb-border-sizes-bottom:0px;--awb-border-sizes-left:0px;--awb-border-sizes-right:0px;--awb-border-radius-top-left:0px;--awb-border-radius-top-right:0px;--awb-border-radius-bottom-right:0px;--awb-border-radius-bottom-left:0px;--awb-padding-right-medium:40px;--awb-padding-bottom-medium:0px;--awb-padding-left-medium:40px;--awb-padding-right-small:30px;--awb-padding-left-small:30px;--awb-flex-wrap:wrap;\" ><div class=\"fusion-builder-row fusion-row fusion-flex-align-items-flex-start fusion-flex-content-wrap\" style=\"max-width:calc( 1200px + 0px );margin-left: calc(-0px \/ 2 );margin-right: calc(-0px \/ 2 );\"><div class=\"fusion-layout-column fusion_builder_column fusion-builder-column-2 fusion_builder_column_1_1 1_1 fusion-flex-column\" style=\"--awb-padding-right:40px;--awb-padding-bottom:10px;--awb-padding-left:40px;--awb-bg-color:#ffffff;--awb-bg-color-hover:#ffffff;--awb-bg-size:cover;--awb-box-shadow:6px 0px 30px 0px rgba(0,0,0,0.05);;--awb-border-color:#3bc863;--awb-border-top:0px;--awb-border-style:solid;--awb-width-large:100%;--awb-margin-top-large:-75px;--awb-spacing-right-large:0px;--awb-margin-bottom-large:10px;--awb-spacing-left-large:0px;--awb-width-medium:100%;--awb-spacing-right-medium:0px;--awb-margin-bottom-medium:0px;--awb-spacing-left-medium:0px;--awb-width-small:100%;--awb-spacing-right-small:0px;--awb-margin-bottom-small:0px;--awb-spacing-left-small:0px;\"><div class=\"fusion-column-wrapper fusion-column-has-shadow fusion-flex-justify-content-flex-start fusion-content-layout-column\"><div class=\"fusion-title title fusion-title-1 fusion-title-center fusion-title-text fusion-title-size-two\" style=\"--awb-margin-top:30px;--awb-margin-top-small:30px;\"><div class=\"title-sep-container title-sep-container-left\"><div class=\"title-sep sep-single sep-dotted\" style=\"border-color:#e0dede;\"><\/div><\/div><span class=\"awb-title-spacer\"><\/span><h2 class=\"fusion-title-heading title-heading-center\" style=\"margin:0;\">FERIENHAUSVERMIETUNG \u2013 IDEAL F\u00dcR FAMILIEN<\/h2><span class=\"awb-title-spacer\"><\/span><div class=\"title-sep-container title-sep-container-right\"><div class=\"title-sep sep-single sep-dotted\" style=\"border-color:#e0dede;\"><\/div><\/div><\/div><div class=\"fusion-text fusion-text-2\" style=\"--awb-text-transform:none;\"><p style=\"text-align: center;\">Liebevoll gestaltete Ruhe-Oasen inmitten der rheinland-pf\u00e4lzischen Natur, nur unweit entfernt vom Deutschen Eck \u2013 wo die Mosel auf den Rhein trifft: Das sind die Randdaten unserer Ferienh\u00e4user in Lahnstein. Ob Sie dem stressigen Alltag entfliehen m\u00f6chten, bei Wanderungen und Radtouren der Natur wieder ein St\u00fcckchen n\u00e4her kommen wollen, oder mit den Kindern die Gegend erkunden und zahlreichen Aktivit\u00e4ten wie Reiten nachgehen m\u00f6chten \u2013 Hier ist f\u00fcr jeden Geschmack etwas zu finden.<\/p>\n<\/div><\/div><\/div><\/div><\/div><div class=\"fusion-fullwidth fullwidth-box fusion-builder-row-3 fusion-flex-container nonhundred-percent-fullwidth non-hundred-percent-height-scrolling\" style=\"--awb-border-sizes-top:0px;--awb-border-sizes-bottom:0px;--awb-border-sizes-left:0px;--awb-border-sizes-right:0px;--awb-border-style:dotted;--awb-border-radius-top-left:0px;--awb-border-radius-top-right:0px;--awb-border-radius-bottom-right:0px;--awb-border-radius-bottom-left:0px;--awb-padding-top:5px;--awb-padding-bottom:4%;--awb-padding-top-medium:20px;--awb-padding-right-medium:40px;--awb-padding-left-medium:40px;--awb-padding-top-small:20px;--awb-padding-right-small:30px;--awb-padding-bottom-small:40px;--awb-padding-left-small:30px;--awb-background-color:rgba(255,255,255,0);--awb-flex-wrap:wrap;\" ><div class=\"fusion-builder-row fusion-row fusion-flex-align-items-flex-start fusion-flex-content-wrap\" style=\"max-width:1248px;margin-left: calc(-4% \/ 2 );margin-right: calc(-4% \/ 2 );\"><div class=\"fusion-layout-column fusion_builder_column fusion-builder-column-3 fusion_builder_column_1_4 1_4 fusion-flex-column fusion-no-small-visibility\" style=\"--awb-bg-blend:overlay;--awb-bg-size:cover;--awb-width-large:25%;--awb-margin-top-large:0px;--awb-spacing-right-large:7.68%;--awb-margin-bottom-large:0px;--awb-spacing-left-large:7.68%;--awb-width-medium:100%;--awb-spacing-right-medium:1.92%;--awb-spacing-left-medium:1.92%;--awb-width-small:100%;--awb-spacing-right-small:1.92%;--awb-spacing-left-small:1.92%;\"><div class=\"fusion-column-wrapper fusion-flex-justify-content-flex-start fusion-content-layout-column\"><\/div><\/div><div class=\"fusion-layout-column fusion_builder_column fusion-builder-column-4 fusion_builder_column_1_2 1_2 fusion-flex-column\" style=\"--awb-padding-bottom:25px;--awb-padding-bottom-medium:0px;--awb-padding-bottom-small:0px;--awb-bg-blend:overlay;--awb-bg-size:cover;--awb-width-large:50%;--awb-margin-top-large:10px;--awb-spacing-right-large:3.84%;--awb-margin-bottom-large:10px;--awb-spacing-left-large:3.84%;--awb-width-medium:100%;--awb-margin-top-medium:0px;--awb-spacing-right-medium:1.92%;--awb-margin-bottom-medium:0px;--awb-spacing-left-medium:1.92%;--awb-width-small:100%;--awb-margin-top-small:0px;--awb-spacing-right-small:1.92%;--awb-spacing-left-small:1.92%;\"><div class=\"fusion-column-wrapper fusion-column-has-shadow fusion-flex-justify-content-flex-start fusion-content-layout-column\"><div class=\"fusion-title title fusion-title-2 fusion-sep-none fusion-title-center fusion-title-text fusion-title-size-two\"><h2 class=\"fusion-title-heading title-heading-center\" style=\"margin:0;\">UNSERE H\u00c4USER<\/h2><\/div><div class=\"fusion-text fusion-text-3\" style=\"--awb-content-alignment:center;\"><p>Unsere Ferienh\u00e4user verf\u00fcgen \u00fcber ein Doppelbett im Erdgeschoss sowie drei Einzelbetten im Obergeschoss und eignen sich deshalb optimal f\u00fcr Ihren Familienurlaub.<\/p>\n<\/div><\/div><\/div><div class=\"fusion-layout-column fusion_builder_column fusion-builder-column-5 fusion_builder_column_1_4 1_4 fusion-flex-column fusion-no-small-visibility\" style=\"--awb-bg-blend:overlay;--awb-bg-size:cover;--awb-width-large:25%;--awb-margin-top-large:0px;--awb-spacing-right-large:7.68%;--awb-margin-bottom-large:0px;--awb-spacing-left-large:7.68%;--awb-width-medium:100%;--awb-spacing-right-medium:1.92%;--awb-spacing-left-medium:1.92%;--awb-width-small:100%;--awb-spacing-right-small:1.92%;--awb-spacing-left-small:1.92%;\"><div class=\"fusion-column-wrapper fusion-flex-justify-content-flex-start fusion-content-layout-column\"><\/div><\/div><div class=\"fusion-layout-column fusion_builder_column fusion-builder-column-6 fusion_builder_column_1_2 1_2 fusion-flex-column\" style=\"--awb-bg-color:#ffffff;--awb-bg-color-hover:#ffffff;--awb-bg-size:cover;--awb-box-shadow:6px 0px 30px 0px rgba(0,0,0,0.05);;--awb-border-color:#3bc863;--awb-border-top:0px;--awb-border-style:solid;--awb-width-large:50%;--awb-margin-top-large:10px;--awb-spacing-right-large:3.84%;--awb-margin-bottom-large:25px;--awb-spacing-left-large:3.84%;--awb-width-medium:100%;--awb-spacing-right-medium:1.92%;--awb-margin-bottom-medium:40px;--awb-spacing-left-medium:1.92%;--awb-width-small:100%;--awb-spacing-right-small:1.92%;--awb-margin-bottom-small:30px;--awb-spacing-left-small:1.92%;\"><div class=\"fusion-column-wrapper fusion-column-has-shadow fusion-flex-justify-content-flex-start fusion-content-layout-column\"><div class=\"fusion-image-element \" style=\"--awb-caption-title-font-family:var(--h2_typography-font-family);--awb-caption-title-font-weight:var(--h2_typography-font-weight);--awb-caption-title-font-style:var(--h2_typography-font-style);--awb-caption-title-size:var(--h2_typography-font-size);--awb-caption-title-transform:var(--h2_typography-text-transform);--awb-caption-title-line-height:var(--h2_typography-line-height);--awb-caption-title-letter-spacing:var(--h2_typography-letter-spacing);\"><span class=\" fusion-imageframe imageframe-none imageframe-1 hover-type-none\"><img decoding=\"async\" width=\"2560\" height=\"1920\" title=\"default\" src=\"https:\/\/www.meyer-immobilien.com\/wp-content\/uploads\/2022\/05\/DJI_0321-scaled.jpg\" alt class=\"img-responsive wp-image-2849\" srcset=\"https:\/\/www.meyer-immobilien.com\/wp-content\/uploads\/2022\/05\/DJI_0321-200x150.jpg 200w, https:\/\/www.meyer-immobilien.com\/wp-content\/uploads\/2022\/05\/DJI_0321-400x300.jpg 400w, https:\/\/www.meyer-immobilien.com\/wp-content\/uploads\/2022\/05\/DJI_0321-600x450.jpg 600w, https:\/\/www.meyer-immobilien.com\/wp-content\/uploads\/2022\/05\/DJI_0321-800x600.jpg 800w, https:\/\/www.meyer-immobilien.com\/wp-content\/uploads\/2022\/05\/DJI_0321-1200x900.jpg 1200w, https:\/\/www.meyer-immobilien.com\/wp-content\/uploads\/2022\/05\/DJI_0321-scaled.jpg 2560w\" sizes=\"(max-width: 1024px) 100vw, (max-width: 640px) 100vw, 600px\" \/><\/span><\/div><div class=\"fusion-separator fusion-full-width-sep\" style=\"align-self: center;margin-left: auto;margin-right: auto;margin-bottom:15px;width:100%;\"><\/div><div class=\"fusion-text fusion-text-4\" style=\"--awb-text-transform:none;\"><h3 style=\"text-align: center;\">Ferienhaus Lahneck<\/h3>\n<\/div><\/div><\/div><div class=\"fusion-layout-column fusion_builder_column fusion-builder-column-7 fusion_builder_column_1_2 1_2 fusion-flex-column\" style=\"--awb-bg-color:#ffffff;--awb-bg-color-hover:#ffffff;--awb-bg-size:cover;--awb-box-shadow:6px 0px 30px 0px rgba(0,0,0,0.05);;--awb-border-color:#3bc863;--awb-border-top:0px;--awb-border-style:solid;--awb-width-large:50%;--awb-margin-top-large:10px;--awb-spacing-right-large:3.84%;--awb-margin-bottom-large:25px;--awb-spacing-left-large:3.84%;--awb-width-medium:100%;--awb-margin-top-medium:0px;--awb-spacing-right-medium:1.92%;--awb-margin-bottom-medium:0px;--awb-spacing-left-medium:1.92%;--awb-width-small:100%;--awb-margin-top-small:0px;--awb-spacing-right-small:1.92%;--awb-margin-bottom-small:0px;--awb-spacing-left-small:1.92%;\"><div class=\"fusion-column-wrapper fusion-column-has-shadow fusion-flex-justify-content-flex-start fusion-content-layout-column\"><div class=\"fusion-image-element \" style=\"--awb-caption-title-font-family:var(--h2_typography-font-family);--awb-caption-title-font-weight:var(--h2_typography-font-weight);--awb-caption-title-font-style:var(--h2_typography-font-style);--awb-caption-title-size:var(--h2_typography-font-size);--awb-caption-title-transform:var(--h2_typography-text-transform);--awb-caption-title-line-height:var(--h2_typography-line-height);--awb-caption-title-letter-spacing:var(--h2_typography-letter-spacing);\"><span class=\" fusion-imageframe imageframe-none imageframe-2 hover-type-none\"><img decoding=\"async\" width=\"2560\" height=\"1920\" title=\"default\" src=\"https:\/\/www.meyer-immobilien.com\/wp-content\/uploads\/2022\/05\/DJI_0325_2-scaled.jpg\" alt class=\"img-responsive wp-image-2850\" srcset=\"https:\/\/www.meyer-immobilien.com\/wp-content\/uploads\/2022\/05\/DJI_0325_2-200x150.jpg 200w, https:\/\/www.meyer-immobilien.com\/wp-content\/uploads\/2022\/05\/DJI_0325_2-400x300.jpg 400w, https:\/\/www.meyer-immobilien.com\/wp-content\/uploads\/2022\/05\/DJI_0325_2-600x450.jpg 600w, https:\/\/www.meyer-immobilien.com\/wp-content\/uploads\/2022\/05\/DJI_0325_2-800x600.jpg 800w, https:\/\/www.meyer-immobilien.com\/wp-content\/uploads\/2022\/05\/DJI_0325_2-1200x900.jpg 1200w, https:\/\/www.meyer-immobilien.com\/wp-content\/uploads\/2022\/05\/DJI_0325_2-scaled.jpg 2560w\" sizes=\"(max-width: 1024px) 100vw, (max-width: 640px) 100vw, 600px\" \/><\/span><\/div><div class=\"fusion-separator fusion-full-width-sep\" style=\"align-self: center;margin-left: auto;margin-right: auto;margin-bottom:15px;width:100%;\"><\/div><div class=\"fusion-text fusion-text-5\" style=\"--awb-text-transform:none;\"><h3 style=\"text-align: center;\">Ferienhaus Rheinsteig<\/h3>\n<\/div><\/div><\/div><\/div><\/div><div class=\"fusion-fullwidth fullwidth-box fusion-builder-row-4 fusion-flex-container fusion-parallax-none nonhundred-percent-fullwidth non-hundred-percent-height-scrolling\" style=\"--awb-border-radius-top-left:0px;--awb-border-radius-top-right:0px;--awb-border-radius-bottom-right:0px;--awb-border-radius-bottom-left:0px;--awb-padding-top:25px;--awb-padding-bottom:50px;--awb-padding-top-medium:0px;--awb-padding-right-medium:40px;--awb-padding-bottom-medium:30px;--awb-padding-left-medium:40px;--awb-padding-top-small:0px;--awb-padding-right-small:30px;--awb-padding-bottom-small:40px;--awb-padding-left-small:30px;--awb-background-image:url(&quot;https:\/\/www.meyer-immobilien.com\/wp-content\/uploads\/2022\/01\/HG_Grafik_2.png&quot;);--awb-background-size:cover;--awb-flex-wrap:wrap;\" ><div class=\"fusion-builder-row fusion-row fusion-flex-align-items-stretch fusion-flex-content-wrap\" style=\"max-width:1248px;margin-left: calc(-4% \/ 2 );margin-right: calc(-4% \/ 2 );\"><div class=\"fusion-layout-column fusion_builder_column fusion-builder-column-8 fusion_builder_column_1_4 1_4 fusion-flex-column fusion-no-small-visibility\" style=\"--awb-bg-blend:overlay;--awb-bg-size:cover;--awb-width-large:25%;--awb-margin-top-large:0px;--awb-spacing-right-large:7.68%;--awb-margin-bottom-large:0px;--awb-spacing-left-large:7.68%;--awb-width-medium:100%;--awb-spacing-right-medium:1.92%;--awb-spacing-left-medium:1.92%;--awb-width-small:100%;--awb-spacing-right-small:1.92%;--awb-spacing-left-small:1.92%;\"><div class=\"fusion-column-wrapper fusion-flex-justify-content-flex-start fusion-content-layout-column\"><\/div><\/div><div class=\"fusion-layout-column fusion_builder_column fusion-builder-column-9 fusion_builder_column_1_2 1_2 fusion-flex-column\" style=\"--awb-padding-bottom:3%;--awb-bg-blend:overlay;--awb-bg-size:cover;--awb-width-large:50%;--awb-margin-top-large:10px;--awb-spacing-right-large:3.84%;--awb-margin-bottom-large:10px;--awb-spacing-left-large:3.84%;--awb-width-medium:100%;--awb-margin-top-medium:0px;--awb-spacing-right-medium:1.92%;--awb-spacing-left-medium:1.92%;--awb-width-small:100%;--awb-margin-top-small:0px;--awb-spacing-right-small:1.92%;--awb-spacing-left-small:1.92%;\"><div class=\"fusion-column-wrapper fusion-column-has-shadow fusion-flex-justify-content-flex-start fusion-content-layout-column\"><div class=\"fusion-title title fusion-title-3 fusion-sep-none fusion-title-center fusion-title-text fusion-title-size-two\"><h2 class=\"fusion-title-heading title-heading-center\" style=\"margin:0;\">UNSERE FERIENH\u00c4USER BIETEN<\/h2><\/div><div class=\"fusion-text fusion-text-6\" style=\"--awb-content-alignment:center;\"><p>ein gem\u00fctliches Ambiente umgeben von Mutter Natur mit einem Gemeinschaftsgrillplatz und einem gro\u00dfen Parkplatz (auch f\u00fcr LKW und Service-Fahrzeuge geeignet).<\/p>\n<p>Sollte das Wetter einmal nicht zum Wandern einladen, k\u00f6nnen Sie nat\u00fcrlich auch bei einem guten Buch oder einer Fernsehsendung entspannen, denn beide H\u00e4user verf\u00fcgen \u00fcber Satellitenfernsehen.<\/p>\n<p>Unsere H\u00e4user werden regelm\u00e4\u00dfig gereinigt. Hunde sind selbstverst\u00e4ndlich willkommen!<\/p>\n<\/div><\/div><\/div><div class=\"fusion-layout-column fusion_builder_column fusion-builder-column-10 fusion_builder_column_1_4 1_4 fusion-flex-column fusion-no-small-visibility\" style=\"--awb-bg-blend:overlay;--awb-bg-size:cover;--awb-width-large:25%;--awb-margin-top-large:0px;--awb-spacing-right-large:7.68%;--awb-margin-bottom-large:0px;--awb-spacing-left-large:7.68%;--awb-width-medium:100%;--awb-spacing-right-medium:1.92%;--awb-spacing-left-medium:1.92%;--awb-width-small:100%;--awb-spacing-right-small:1.92%;--awb-spacing-left-small:1.92%;\"><div class=\"fusion-column-wrapper fusion-flex-justify-content-flex-start fusion-content-layout-column\"><\/div><\/div><div class=\"fusion-layout-column fusion_builder_column fusion-builder-column-11 fusion_builder_column_1_4 1_4 fusion-flex-column\" style=\"--awb-padding-top:30px;--awb-padding-right:30px;--awb-padding-bottom:30px;--awb-padding-left:30px;--awb-padding-top-small:30px;--awb-padding-right-small:5px;--awb-padding-bottom-small:20px;--awb-padding-left-small:5px;--awb-bg-color:#ffffff;--awb-bg-color-hover:#ffffff;--awb-bg-position:center center;--awb-bg-size:cover;--awb-box-shadow:6px 0px 24px 0px rgba(0,0,0,0.07);;--awb-border-color:#ffffff;--awb-border-top:7px;--awb-border-right:7px;--awb-border-bottom:7px;--awb-border-left:7px;--awb-border-style:solid;--awb-width-large:25%;--awb-margin-top-large:10px;--awb-spacing-right-large:7.68%;--awb-margin-bottom-large:30px;--awb-spacing-left-large:7.68%;--awb-width-medium:50%;--awb-spacing-right-medium:3.84%;--awb-spacing-left-medium:3.84%;--awb-width-small:50%;--awb-margin-top-small:10px;--awb-spacing-right-small:10px;--awb-margin-bottom-small:10px;--awb-spacing-left-small:10px;\"><div class=\"fusion-column-wrapper fusion-column-has-shadow fusion-flex-justify-content-flex-start fusion-content-layout-column\"><i class=\"fb-icon-element-1 fb-icon-element fontawesome-icon fa-wifi fas circle-yes\" style=\"--awb-circlecolor:#026582;--awb-circlecolor-hover:#026582;--awb-circlebordersize:0px;--awb-font-size:35.2px;--awb-width:70.4px;--awb-height:70.4px;--awb-line-height:70.4px;--awb-margin-top:0;--awb-margin-right:0;--awb-margin-bottom:0;--awb-margin-left:0;--awb-align-self:center;\"><\/i><div class=\"fusion-separator fusion-full-width-sep\" style=\"align-self: center;margin-left: auto;margin-right: auto;margin-top:10px;width:100%;\"><\/div><div class=\"fusion-separator fusion-full-width-sep\" style=\"align-self: center;margin-left: auto;margin-right: auto;margin-bottom:5px;width:100%;\"><\/div><div style=\"text-align:center;\"><a class=\"fusion-button button-flat button-large button-custom fusion-button-default button-2 fusion-button-span-yes fusion-button-default-type\" style=\"--button_accent_color:#333338;--button_border_color:#333338;--button_accent_hover_color:#333338;--button_border_hover_color:#333338;--button_gradient_top_color:#ffffff;--button_gradient_bottom_color:#ffffff;--button_gradient_top_color_hover:#d7e9d3;--button_gradient_bottom_color_hover:#d7e9d3;\" target=\"_blank\" rel=\"noopener noreferrer\" href=\"https:\/\/ferien-lahnstein.webseiten-entwicklung.de\/index.php\/ferienhaeuser\/\"><span class=\"fusion-button-text\">Kostenloses WLAN<\/span><\/a><\/div><\/div><\/div><div class=\"fusion-layout-column fusion_builder_column fusion-builder-column-12 fusion_builder_column_1_4 1_4 fusion-flex-column\" style=\"--awb-padding-top:30px;--awb-padding-right:30px;--awb-padding-bottom:30px;--awb-padding-left:30px;--awb-padding-top-small:30px;--awb-padding-right-small:5px;--awb-padding-bottom-small:20px;--awb-padding-left-small:5px;--awb-bg-color:#ffffff;--awb-bg-color-hover:#ffffff;--awb-bg-position:center center;--awb-bg-size:cover;--awb-box-shadow:6px 0px 24px 0px rgba(0,0,0,0.07);;--awb-border-color:#ffffff;--awb-border-top:7px;--awb-border-right:7px;--awb-border-bottom:7px;--awb-border-left:7px;--awb-border-style:solid;--awb-width-large:25%;--awb-margin-top-large:10px;--awb-spacing-right-large:7.68%;--awb-margin-bottom-large:30px;--awb-spacing-left-large:7.68%;--awb-width-medium:50%;--awb-spacing-right-medium:3.84%;--awb-spacing-left-medium:3.84%;--awb-width-small:50%;--awb-margin-top-small:10px;--awb-spacing-right-small:10px;--awb-margin-bottom-small:10px;--awb-spacing-left-small:10px;\"><div class=\"fusion-column-wrapper fusion-column-has-shadow fusion-flex-justify-content-flex-start fusion-content-layout-column\"><i class=\"fb-icon-element-2 fb-icon-element fontawesome-icon fa-fire fas circle-yes\" style=\"--awb-circlecolor:#026582;--awb-circlecolor-hover:#026582;--awb-circlebordersize:0px;--awb-font-size:35.2px;--awb-width:70.4px;--awb-height:70.4px;--awb-line-height:70.4px;--awb-margin-top:0;--awb-margin-right:0;--awb-margin-bottom:0;--awb-margin-left:0;--awb-align-self:center;\"><\/i><div class=\"fusion-separator fusion-full-width-sep\" style=\"align-self: center;margin-left: auto;margin-right: auto;margin-top:10px;width:100%;\"><\/div><div class=\"fusion-separator fusion-full-width-sep\" style=\"align-self: center;margin-left: auto;margin-right: auto;margin-bottom:5px;width:100%;\"><\/div><div style=\"text-align:center;\"><a class=\"fusion-button button-flat button-large button-custom fusion-button-default button-3 fusion-button-span-yes fusion-button-default-type\" style=\"--button_accent_color:#333338;--button_border_color:#333338;--button_accent_hover_color:#333338;--button_border_hover_color:#333338;--button_gradient_top_color:#ffffff;--button_gradient_bottom_color:#ffffff;--button_gradient_top_color_hover:#d7e9d3;--button_gradient_bottom_color_hover:#d7e9d3;\" target=\"_blank\" rel=\"noopener noreferrer\" href=\"https:\/\/ferien-lahnstein.webseiten-entwicklung.de\/index.php\/ferienhaeuser\/\"><span class=\"fusion-button-text\">Grill-m\u00f6glichkeiten<\/span><\/a><\/div><\/div><\/div><div class=\"fusion-layout-column fusion_builder_column fusion-builder-column-13 fusion_builder_column_1_4 1_4 fusion-flex-column\" style=\"--awb-padding-top:30px;--awb-padding-right:30px;--awb-padding-bottom:30px;--awb-padding-left:30px;--awb-padding-top-small:30px;--awb-padding-right-small:5px;--awb-padding-bottom-small:20px;--awb-padding-left-small:5px;--awb-bg-color:#ffffff;--awb-bg-color-hover:#ffffff;--awb-bg-position:center center;--awb-bg-size:cover;--awb-box-shadow:6px 0px 24px 0px rgba(0,0,0,0.07);;--awb-border-color:#ffffff;--awb-border-top:7px;--awb-border-right:7px;--awb-border-bottom:7px;--awb-border-left:7px;--awb-border-style:solid;--awb-width-large:25%;--awb-margin-top-large:10px;--awb-spacing-right-large:7.68%;--awb-margin-bottom-large:30px;--awb-spacing-left-large:7.68%;--awb-width-medium:50%;--awb-spacing-right-medium:3.84%;--awb-spacing-left-medium:3.84%;--awb-width-small:50%;--awb-margin-top-small:10px;--awb-spacing-right-small:10px;--awb-margin-bottom-small:10px;--awb-spacing-left-small:10px;\"><div class=\"fusion-column-wrapper fusion-column-has-shadow fusion-flex-justify-content-flex-start fusion-content-layout-column\"><i class=\"fb-icon-element-3 fb-icon-element fontawesome-icon fa-parking fas circle-yes\" style=\"--awb-circlecolor:#026582;--awb-circlecolor-hover:#026582;--awb-circlebordersize:0px;--awb-font-size:35.2px;--awb-width:70.4px;--awb-height:70.4px;--awb-line-height:70.4px;--awb-margin-top:0;--awb-margin-right:0;--awb-margin-bottom:0;--awb-margin-left:0;--awb-align-self:center;\"><\/i><div class=\"fusion-separator fusion-full-width-sep\" style=\"align-self: center;margin-left: auto;margin-right: auto;margin-top:10px;width:100%;\"><\/div><div class=\"fusion-separator fusion-full-width-sep\" style=\"align-self: center;margin-left: auto;margin-right: auto;margin-bottom:5px;width:100%;\"><\/div><div style=\"text-align:center;\"><a class=\"fusion-button button-flat button-large button-custom fusion-button-default button-4 fusion-button-span-yes fusion-button-default-type\" style=\"--button_accent_color:#333338;--button_border_color:#333338;--button_accent_hover_color:#333338;--button_border_hover_color:#333338;--button_gradient_top_color:#ffffff;--button_gradient_bottom_color:#ffffff;--button_gradient_top_color_hover:#d7e9d3;--button_gradient_bottom_color_hover:#d7e9d3;\" target=\"_blank\" rel=\"noopener noreferrer\" href=\"https:\/\/ferien-lahnstein.webseiten-entwicklung.de\/index.php\/ferienhaeuser\/\"><span class=\"fusion-button-text\">Freie Parkpl\u00e4tze<\/span><\/a><\/div><\/div><\/div><div class=\"fusion-layout-column fusion_builder_column fusion-builder-column-14 fusion_builder_column_1_4 1_4 fusion-flex-column\" style=\"--awb-padding-top:30px;--awb-padding-right:30px;--awb-padding-bottom:30px;--awb-padding-left:30px;--awb-padding-top-small:30px;--awb-padding-right-small:10px;--awb-padding-bottom-small:20px;--awb-padding-left-small:10px;--awb-bg-color:#ffffff;--awb-bg-color-hover:#ffffff;--awb-bg-position:center center;--awb-bg-size:cover;--awb-box-shadow:6px 0px 24px 0px rgba(0,0,0,0.07);;--awb-border-color:#ffffff;--awb-border-top:7px;--awb-border-right:7px;--awb-border-bottom:7px;--awb-border-left:7px;--awb-border-style:solid;--awb-width-large:25%;--awb-margin-top-large:10px;--awb-spacing-right-large:7.68%;--awb-margin-bottom-large:30px;--awb-spacing-left-large:7.68%;--awb-width-medium:50%;--awb-spacing-right-medium:3.84%;--awb-spacing-left-medium:3.84%;--awb-width-small:50%;--awb-margin-top-small:10px;--awb-spacing-right-small:10px;--awb-margin-bottom-small:10px;--awb-spacing-left-small:10px;\"><div class=\"fusion-column-wrapper fusion-column-has-shadow fusion-flex-justify-content-flex-start fusion-content-layout-column\"><i class=\"fb-icon-element-4 fb-icon-element fontawesome-icon fa-tree fas circle-yes\" style=\"--awb-circlecolor:#026582;--awb-circlecolor-hover:#026582;--awb-circlebordersize:0px;--awb-font-size:35.2px;--awb-width:70.4px;--awb-height:70.4px;--awb-line-height:70.4px;--awb-margin-top:0;--awb-margin-right:0;--awb-margin-bottom:0;--awb-margin-left:0;--awb-align-self:center;\"><\/i><div class=\"fusion-separator fusion-full-width-sep\" style=\"align-self: center;margin-left: auto;margin-right: auto;margin-top:10px;width:100%;\"><\/div><div class=\"fusion-separator fusion-full-width-sep\" style=\"align-self: center;margin-left: auto;margin-right: auto;margin-bottom:5px;width:100%;\"><\/div><div style=\"text-align:center;\"><a class=\"fusion-button button-flat button-large button-custom fusion-button-default button-5 fusion-button-span-yes fusion-button-default-type\" style=\"--button_accent_color:#333338;--button_border_color:#333338;--button_accent_hover_color:#333338;--button_border_hover_color:#333338;--button_gradient_top_color:#ffffff;--button_gradient_bottom_color:#ffffff;--button_gradient_top_color_hover:#d7e9d3;--button_gradient_bottom_color_hover:#d7e9d3;\" target=\"_blank\" rel=\"noopener noreferrer\" href=\"https:\/\/ferien-lahnstein.webseiten-entwicklung.de\/index.php\/ferienhaeuser\/\"><span class=\"fusion-button-text\">Mitten in der Natur<\/span><\/a><\/div><\/div><\/div><div class=\"fusion-layout-column fusion_builder_column fusion-builder-column-15 fusion_builder_column_1_4 1_4 fusion-flex-column\" style=\"--awb-padding-top:30px;--awb-padding-right:30px;--awb-padding-bottom:30px;--awb-padding-left:30px;--awb-padding-top-small:30px;--awb-padding-right-small:10px;--awb-padding-bottom-small:20px;--awb-padding-left-small:10px;--awb-bg-color:#ffffff;--awb-bg-color-hover:#ffffff;--awb-bg-position:center center;--awb-bg-size:cover;--awb-box-shadow:6px 0px 24px 0px rgba(0,0,0,0.07);;--awb-border-color:#ffffff;--awb-border-top:7px;--awb-border-right:7px;--awb-border-bottom:7px;--awb-border-left:7px;--awb-border-style:solid;--awb-width-large:25%;--awb-margin-top-large:10px;--awb-spacing-right-large:7.68%;--awb-margin-bottom-large:30px;--awb-spacing-left-large:7.68%;--awb-width-medium:50%;--awb-spacing-right-medium:3.84%;--awb-spacing-left-medium:3.84%;--awb-width-small:50%;--awb-margin-top-small:10px;--awb-spacing-right-small:10px;--awb-margin-bottom-small:10px;--awb-spacing-left-small:10px;\"><div class=\"fusion-column-wrapper fusion-column-has-shadow fusion-flex-justify-content-flex-start fusion-content-layout-column\"><i class=\"fb-icon-element-5 fb-icon-element fontawesome-icon fa-dog fas circle-yes\" style=\"--awb-circlecolor:#026582;--awb-circlecolor-hover:#026582;--awb-circlebordersize:0px;--awb-font-size:35.2px;--awb-width:70.4px;--awb-height:70.4px;--awb-line-height:70.4px;--awb-margin-top:0;--awb-margin-right:0;--awb-margin-bottom:0;--awb-margin-left:0;--awb-align-self:center;\"><\/i><div class=\"fusion-separator fusion-full-width-sep\" style=\"align-self: center;margin-left: auto;margin-right: auto;margin-top:10px;width:100%;\"><\/div><div class=\"fusion-separator fusion-full-width-sep\" style=\"align-self: center;margin-left: auto;margin-right: auto;margin-bottom:5px;width:100%;\"><\/div><div style=\"text-align:center;\"><a class=\"fusion-button button-flat button-large button-custom fusion-button-default button-6 fusion-button-span-yes fusion-button-default-type\" style=\"--button_accent_color:#333338;--button_border_color:#333338;--button_accent_hover_color:#333338;--button_border_hover_color:#333338;--button_gradient_top_color:#ffffff;--button_gradient_bottom_color:#ffffff;--button_gradient_top_color_hover:#d7e9d3;--button_gradient_bottom_color_hover:#d7e9d3;\" target=\"_self\" href=\"https:\/\/ferien-lahnstein.webseiten-entwicklung.de\/index.php\/ferienhaeuser\/\"><span class=\"fusion-button-text\">Haustiere erlaubt<\/span><\/a><\/div><\/div><\/div><div class=\"fusion-layout-column fusion_builder_column fusion-builder-column-16 fusion_builder_column_1_4 1_4 fusion-flex-column\" style=\"--awb-padding-top:30px;--awb-padding-right:30px;--awb-padding-bottom:30px;--awb-padding-left:30px;--awb-padding-top-small:30px;--awb-padding-right-small:10px;--awb-padding-bottom-small:20px;--awb-padding-left-small:10px;--awb-bg-color:#ffffff;--awb-bg-color-hover:#ffffff;--awb-bg-position:center center;--awb-bg-size:cover;--awb-box-shadow:6px 0px 24px 0px rgba(0,0,0,0.07);;--awb-border-color:#ffffff;--awb-border-top:7px;--awb-border-right:7px;--awb-border-bottom:7px;--awb-border-left:7px;--awb-border-style:solid;--awb-width-large:25%;--awb-margin-top-large:10px;--awb-spacing-right-large:7.68%;--awb-margin-bottom-large:30px;--awb-spacing-left-large:7.68%;--awb-width-medium:50%;--awb-spacing-right-medium:3.84%;--awb-spacing-left-medium:3.84%;--awb-width-small:50%;--awb-margin-top-small:10px;--awb-spacing-right-small:10px;--awb-margin-bottom-small:10px;--awb-spacing-left-small:10px;\"><div class=\"fusion-column-wrapper fusion-column-has-shadow fusion-flex-justify-content-flex-start fusion-content-layout-column\"><i class=\"fb-icon-element-6 fb-icon-element fontawesome-icon fa-leaf fas circle-yes\" style=\"--awb-circlecolor:#026582;--awb-circlecolor-hover:#026582;--awb-circlebordersize:0px;--awb-font-size:35.2px;--awb-width:70.4px;--awb-height:70.4px;--awb-line-height:70.4px;--awb-margin-top:0;--awb-margin-right:0;--awb-margin-bottom:0;--awb-margin-left:0;--awb-align-self:center;\"><\/i><div class=\"fusion-separator fusion-full-width-sep\" style=\"align-self: center;margin-left: auto;margin-right: auto;margin-top:10px;width:100%;\"><\/div><div class=\"fusion-separator fusion-full-width-sep\" style=\"align-self: center;margin-left: auto;margin-right: auto;margin-bottom:5px;width:100%;\"><\/div><div style=\"text-align:center;\"><a class=\"fusion-button button-flat button-large button-custom fusion-button-default button-7 fusion-button-span-yes fusion-button-default-type\" style=\"--button_accent_color:#333338;--button_border_color:#333338;--button_accent_hover_color:#333338;--button_border_hover_color:#333338;--button_gradient_top_color:#ffffff;--button_gradient_bottom_color:#ffffff;--button_gradient_top_color_hover:#d7e9d3;--button_gradient_bottom_color_hover:#d7e9d3;\" target=\"_blank\" rel=\"noopener noreferrer\" href=\"https:\/\/ferien-lahnstein.webseiten-entwicklung.de\/index.php\/ferienhaeuser\/\"><span class=\"fusion-button-text\">Garten &amp; Terrasse<\/span><\/a><\/div><\/div><\/div><div class=\"fusion-layout-column fusion_builder_column fusion-builder-column-17 fusion_builder_column_1_4 1_4 fusion-flex-column\" style=\"--awb-padding-top:30px;--awb-padding-right:30px;--awb-padding-bottom:30px;--awb-padding-left:30px;--awb-padding-top-small:30px;--awb-padding-right-small:10px;--awb-padding-bottom-small:20px;--awb-padding-left-small:10px;--awb-bg-color:#ffffff;--awb-bg-color-hover:#ffffff;--awb-bg-position:center center;--awb-bg-size:cover;--awb-box-shadow:6px 0px 24px 0px rgba(0,0,0,0.07);;--awb-border-color:#ffffff;--awb-border-top:7px;--awb-border-right:7px;--awb-border-bottom:7px;--awb-border-left:7px;--awb-border-style:solid;--awb-width-large:25%;--awb-margin-top-large:10px;--awb-spacing-right-large:7.68%;--awb-margin-bottom-large:30px;--awb-spacing-left-large:7.68%;--awb-width-medium:50%;--awb-spacing-right-medium:3.84%;--awb-spacing-left-medium:3.84%;--awb-width-small:50%;--awb-margin-top-small:10px;--awb-spacing-right-small:10px;--awb-margin-bottom-small:10px;--awb-spacing-left-small:10px;\"><div class=\"fusion-column-wrapper fusion-column-has-shadow fusion-flex-justify-content-flex-start fusion-content-layout-column\"><i class=\"fb-icon-element-7 fb-icon-element fontawesome-icon fa-map-pin fas circle-yes\" style=\"--awb-circlecolor:#026582;--awb-circlecolor-hover:#026582;--awb-circlebordersize:0px;--awb-font-size:35.2px;--awb-width:70.4px;--awb-height:70.4px;--awb-line-height:70.4px;--awb-margin-top:0;--awb-margin-right:0;--awb-margin-bottom:0;--awb-margin-left:0;--awb-align-self:center;\"><\/i><div class=\"fusion-separator fusion-full-width-sep\" style=\"align-self: center;margin-left: auto;margin-right: auto;margin-top:10px;width:100%;\"><\/div><div class=\"fusion-separator fusion-full-width-sep\" style=\"align-self: center;margin-left: auto;margin-right: auto;margin-bottom:5px;width:100%;\"><\/div><div style=\"text-align:center;\"><a class=\"fusion-button button-flat button-large button-custom fusion-button-default button-8 fusion-button-span-yes fusion-button-default-type\" style=\"--button_accent_color:#333338;--button_border_color:#333338;--button_accent_hover_color:#333338;--button_border_hover_color:#333338;--button_gradient_top_color:#ffffff;--button_gradient_bottom_color:#ffffff;--button_gradient_top_color_hover:#d7e9d3;--button_gradient_bottom_color_hover:#d7e9d3;\" target=\"_blank\" rel=\"noopener noreferrer\" href=\"https:\/\/ferien-lahnstein.webseiten-entwicklung.de\/index.php\/ferienhaeuser\/\"><span class=\"fusion-button-text\">Tolle Lage<\/span><\/a><\/div><\/div><\/div><div class=\"fusion-layout-column fusion_builder_column fusion-builder-column-18 fusion_builder_column_1_4 1_4 fusion-flex-column\" style=\"--awb-padding-top:30px;--awb-padding-right:30px;--awb-padding-bottom:30px;--awb-padding-left:30px;--awb-padding-top-small:30px;--awb-padding-right-small:10px;--awb-padding-bottom-small:20px;--awb-padding-left-small:10px;--awb-bg-color:#ffffff;--awb-bg-color-hover:#ffffff;--awb-bg-position:center center;--awb-bg-size:cover;--awb-box-shadow:6px 0px 24px 0px rgba(0,0,0,0.07);;--awb-border-color:#ffffff;--awb-border-top:7px;--awb-border-right:7px;--awb-border-bottom:7px;--awb-border-left:7px;--awb-border-style:solid;--awb-width-large:25%;--awb-margin-top-large:10px;--awb-spacing-right-large:7.68%;--awb-margin-bottom-large:30px;--awb-spacing-left-large:7.68%;--awb-width-medium:50%;--awb-spacing-right-medium:3.84%;--awb-spacing-left-medium:3.84%;--awb-width-small:50%;--awb-margin-top-small:10px;--awb-spacing-right-small:10px;--awb-margin-bottom-small:10px;--awb-spacing-left-small:10px;\"><div class=\"fusion-column-wrapper fusion-column-has-shadow fusion-flex-justify-content-flex-start fusion-content-layout-column\"><i class=\"fb-icon-element-8 fb-icon-element fontawesome-icon fa-utensils fas circle-yes\" style=\"--awb-circlecolor:#026582;--awb-circlecolor-hover:#026582;--awb-circlebordersize:0px;--awb-font-size:35.2px;--awb-width:70.4px;--awb-height:70.4px;--awb-line-height:70.4px;--awb-margin-top:0;--awb-margin-right:0;--awb-margin-bottom:0;--awb-margin-left:0;--awb-align-self:center;\"><\/i><div class=\"fusion-separator fusion-full-width-sep\" style=\"align-self: center;margin-left: auto;margin-right: auto;margin-top:10px;width:100%;\"><\/div><div class=\"fusion-separator fusion-full-width-sep\" style=\"align-self: center;margin-left: auto;margin-right: auto;margin-bottom:5px;width:100%;\"><\/div><div style=\"text-align:center;\"><a class=\"fusion-button button-flat button-large button-custom fusion-button-default button-9 fusion-button-span-yes fusion-button-default-type\" style=\"--button_accent_color:#333338;--button_border_color:#333338;--button_accent_hover_color:#333338;--button_border_hover_color:#333338;--button_gradient_top_color:#ffffff;--button_gradient_bottom_color:#ffffff;--button_gradient_top_color_hover:#d7e9d3;--button_gradient_bottom_color_hover:#d7e9d3;\" target=\"_blank\" rel=\"noopener noreferrer\" href=\"https:\/\/ferien-lahnstein.webseiten-entwicklung.de\/index.php\/ferienhaeuser\/\"><span class=\"fusion-button-text\">K\u00fcche<\/span><\/a><\/div><\/div><\/div><\/div><\/div><div class=\"fusion-fullwidth fullwidth-box fusion-builder-row-5 fusion-flex-container hundred-percent-fullwidth non-hundred-percent-height-scrolling fusion-no-small-visibility fusion-no-medium-visibility\" style=\"--awb-border-radius-top-left:0px;--awb-border-radius-top-right:0px;--awb-border-radius-bottom-right:0px;--awb-border-radius-bottom-left:0px;--awb-padding-right:0px;--awb-padding-bottom:0px;--awb-padding-left:0px;--awb-margin-top:-10px;--awb-margin-bottom:0px;--awb-flex-wrap:wrap;\" ><div class=\"fusion-builder-row fusion-row fusion-flex-align-items-flex-start fusion-flex-content-wrap\" style=\"width:104% !important;max-width:104% !important;margin-left: calc(-4% \/ 2 );margin-right: calc(-4% \/ 2 );\"><div class=\"fusion-layout-column fusion_builder_column fusion-builder-column-19 fusion_builder_column_1_1 1_1 fusion-flex-column\" style=\"--awb-bg-size:cover;--awb-width-large:100%;--awb-margin-top-large:0px;--awb-spacing-right-large:-10px;--awb-margin-bottom-large:0px;--awb-spacing-left-large:1.92%;--awb-width-medium:100%;--awb-order-medium:0;--awb-spacing-right-medium:1.92%;--awb-spacing-left-medium:1.92%;--awb-width-small:100%;--awb-order-small:0;--awb-spacing-right-small:1.92%;--awb-spacing-left-small:1.92%;\"><div class=\"fusion-column-wrapper fusion-column-has-shadow fusion-flex-justify-content-flex-start fusion-content-layout-column\"><div class=\"fusion-image-carousel fusion-image-carousel-auto fusion-image-carousel-1\"><div class=\"awb-carousel awb-swiper awb-swiper-carousel\" data-autoplay=\"yes\" data-columns=\"4\" data-itemmargin=\"0\" data-itemwidth=\"180\" data-touchscroll=\"no\" data-imagesize=\"auto\" style=\"--awb-columns:4;--awb-column-spacing:0px;\"><div class=\"swiper-wrapper awb-image-carousel-wrapper fusion-flex-align-items-center\"><div class=\"swiper-slide\"><div class=\"fusion-carousel-item-wrapper\"><div class=\"fusion-image-wrapper hover-type-none\"><img decoding=\"async\" width=\"2000\" height=\"1333\" src=\"https:\/\/www.meyer-immobilien.com\/wp-content\/uploads\/2021\/12\/DSC05576.jpg\" class=\"attachment-full size-full\" alt=\"\" srcset=\"https:\/\/www.meyer-immobilien.com\/wp-content\/uploads\/2021\/12\/DSC05576-200x133.jpg 200w, https:\/\/www.meyer-immobilien.com\/wp-content\/uploads\/2021\/12\/DSC05576-400x267.jpg 400w, https:\/\/www.meyer-immobilien.com\/wp-content\/uploads\/2021\/12\/DSC05576-600x400.jpg 600w, https:\/\/www.meyer-immobilien.com\/wp-content\/uploads\/2021\/12\/DSC05576-800x533.jpg 800w, https:\/\/www.meyer-immobilien.com\/wp-content\/uploads\/2021\/12\/DSC05576-1200x800.jpg 1200w, https:\/\/www.meyer-immobilien.com\/wp-content\/uploads\/2021\/12\/DSC05576.jpg 2000w\" sizes=\"(min-width: 2200px) 100vw, (min-width: 856px) 300px, (min-width: 784px) 400px, (min-width: 712px) 600px, (min-width: 640px) 712px, \" \/><\/div><\/div><\/div><div class=\"swiper-slide\"><div class=\"fusion-carousel-item-wrapper\"><div class=\"fusion-image-wrapper hover-type-none\"><img decoding=\"async\" width=\"2000\" height=\"1333\" src=\"https:\/\/www.meyer-immobilien.com\/wp-content\/uploads\/2021\/12\/DSC05471.jpg\" class=\"attachment-full size-full\" alt=\"\" srcset=\"https:\/\/www.meyer-immobilien.com\/wp-content\/uploads\/2021\/12\/DSC05471-200x133.jpg 200w, https:\/\/www.meyer-immobilien.com\/wp-content\/uploads\/2021\/12\/DSC05471-400x267.jpg 400w, https:\/\/www.meyer-immobilien.com\/wp-content\/uploads\/2021\/12\/DSC05471-600x400.jpg 600w, https:\/\/www.meyer-immobilien.com\/wp-content\/uploads\/2021\/12\/DSC05471-800x533.jpg 800w, https:\/\/www.meyer-immobilien.com\/wp-content\/uploads\/2021\/12\/DSC05471-1200x800.jpg 1200w, https:\/\/www.meyer-immobilien.com\/wp-content\/uploads\/2021\/12\/DSC05471.jpg 2000w\" sizes=\"(min-width: 2200px) 100vw, (min-width: 856px) 300px, (min-width: 784px) 400px, (min-width: 712px) 600px, (min-width: 640px) 712px, \" \/><\/div><\/div><\/div><div class=\"swiper-slide\"><div class=\"fusion-carousel-item-wrapper\"><div class=\"fusion-image-wrapper hover-type-none\"><img decoding=\"async\" width=\"2000\" height=\"1333\" src=\"https:\/\/www.meyer-immobilien.com\/wp-content\/uploads\/2021\/12\/DSC05732.jpg\" class=\"attachment-full size-full\" alt=\"\" srcset=\"https:\/\/www.meyer-immobilien.com\/wp-content\/uploads\/2021\/12\/DSC05732-200x133.jpg 200w, https:\/\/www.meyer-immobilien.com\/wp-content\/uploads\/2021\/12\/DSC05732-400x267.jpg 400w, https:\/\/www.meyer-immobilien.com\/wp-content\/uploads\/2021\/12\/DSC05732-600x400.jpg 600w, https:\/\/www.meyer-immobilien.com\/wp-content\/uploads\/2021\/12\/DSC05732-800x533.jpg 800w, https:\/\/www.meyer-immobilien.com\/wp-content\/uploads\/2021\/12\/DSC05732-1200x800.jpg 1200w, https:\/\/www.meyer-immobilien.com\/wp-content\/uploads\/2021\/12\/DSC05732.jpg 2000w\" sizes=\"(min-width: 2200px) 100vw, (min-width: 856px) 300px, (min-width: 784px) 400px, (min-width: 712px) 600px, (min-width: 640px) 712px, \" \/><\/div><\/div><\/div><div class=\"swiper-slide\"><div class=\"fusion-carousel-item-wrapper\"><div class=\"fusion-image-wrapper hover-type-none\"><img decoding=\"async\" width=\"2560\" height=\"1707\" src=\"https:\/\/www.meyer-immobilien.com\/wp-content\/uploads\/2022\/05\/DSC09662-scaled.jpg\" class=\"attachment-full size-full\" alt=\"\" srcset=\"https:\/\/www.meyer-immobilien.com\/wp-content\/uploads\/2022\/05\/DSC09662-200x133.jpg 200w, https:\/\/www.meyer-immobilien.com\/wp-content\/uploads\/2022\/05\/DSC09662-400x267.jpg 400w, https:\/\/www.meyer-immobilien.com\/wp-content\/uploads\/2022\/05\/DSC09662-600x400.jpg 600w, https:\/\/www.meyer-immobilien.com\/wp-content\/uploads\/2022\/05\/DSC09662-800x533.jpg 800w, https:\/\/www.meyer-immobilien.com\/wp-content\/uploads\/2022\/05\/DSC09662-1200x800.jpg 1200w, https:\/\/www.meyer-immobilien.com\/wp-content\/uploads\/2022\/05\/DSC09662-scaled.jpg 2560w\" sizes=\"(min-width: 2200px) 100vw, (min-width: 856px) 300px, (min-width: 784px) 400px, (min-width: 712px) 600px, (min-width: 640px) 712px, \" \/><\/div><\/div><\/div><div class=\"swiper-slide\"><div class=\"fusion-carousel-item-wrapper\"><div class=\"fusion-image-wrapper hover-type-none\"><img decoding=\"async\" width=\"2000\" height=\"1333\" src=\"https:\/\/www.meyer-immobilien.com\/wp-content\/uploads\/2021\/12\/DSC05519.jpg\" class=\"attachment-full size-full\" alt=\"\" srcset=\"https:\/\/www.meyer-immobilien.com\/wp-content\/uploads\/2021\/12\/DSC05519-200x133.jpg 200w, https:\/\/www.meyer-immobilien.com\/wp-content\/uploads\/2021\/12\/DSC05519-400x267.jpg 400w, https:\/\/www.meyer-immobilien.com\/wp-content\/uploads\/2021\/12\/DSC05519-600x400.jpg 600w, https:\/\/www.meyer-immobilien.com\/wp-content\/uploads\/2021\/12\/DSC05519-800x533.jpg 800w, https:\/\/www.meyer-immobilien.com\/wp-content\/uploads\/2021\/12\/DSC05519-1200x800.jpg 1200w, https:\/\/www.meyer-immobilien.com\/wp-content\/uploads\/2021\/12\/DSC05519.jpg 2000w\" sizes=\"(min-width: 2200px) 100vw, (min-width: 856px) 300px, (min-width: 784px) 400px, (min-width: 712px) 600px, (min-width: 640px) 712px, \" \/><\/div><\/div><\/div><div class=\"swiper-slide\"><div class=\"fusion-carousel-item-wrapper\"><div class=\"fusion-image-wrapper hover-type-none\"><img decoding=\"async\" width=\"2560\" height=\"1707\" src=\"https:\/\/www.meyer-immobilien.com\/wp-content\/uploads\/2022\/05\/DSC09607-scaled.jpg\" class=\"attachment-full size-full\" alt=\"\" srcset=\"https:\/\/www.meyer-immobilien.com\/wp-content\/uploads\/2022\/05\/DSC09607-200x133.jpg 200w, https:\/\/www.meyer-immobilien.com\/wp-content\/uploads\/2022\/05\/DSC09607-400x267.jpg 400w, https:\/\/www.meyer-immobilien.com\/wp-content\/uploads\/2022\/05\/DSC09607-600x400.jpg 600w, https:\/\/www.meyer-immobilien.com\/wp-content\/uploads\/2022\/05\/DSC09607-800x533.jpg 800w, https:\/\/www.meyer-immobilien.com\/wp-content\/uploads\/2022\/05\/DSC09607-1200x800.jpg 1200w, https:\/\/www.meyer-immobilien.com\/wp-content\/uploads\/2022\/05\/DSC09607-scaled.jpg 2560w\" sizes=\"(min-width: 2200px) 100vw, (min-width: 856px) 300px, (min-width: 784px) 400px, (min-width: 712px) 600px, (min-width: 640px) 712px, \" \/><\/div><\/div><\/div><div class=\"swiper-slide\"><div class=\"fusion-carousel-item-wrapper\"><div class=\"fusion-image-wrapper hover-type-none\"><img decoding=\"async\" width=\"2000\" height=\"1333\" src=\"https:\/\/www.meyer-immobilien.com\/wp-content\/uploads\/2021\/12\/DSC05597.jpg\" class=\"attachment-full size-full\" alt=\"\" srcset=\"https:\/\/www.meyer-immobilien.com\/wp-content\/uploads\/2021\/12\/DSC05597-200x133.jpg 200w, https:\/\/www.meyer-immobilien.com\/wp-content\/uploads\/2021\/12\/DSC05597-400x267.jpg 400w, https:\/\/www.meyer-immobilien.com\/wp-content\/uploads\/2021\/12\/DSC05597-600x400.jpg 600w, https:\/\/www.meyer-immobilien.com\/wp-content\/uploads\/2021\/12\/DSC05597-800x533.jpg 800w, https:\/\/www.meyer-immobilien.com\/wp-content\/uploads\/2021\/12\/DSC05597-1200x800.jpg 1200w, https:\/\/www.meyer-immobilien.com\/wp-content\/uploads\/2021\/12\/DSC05597.jpg 2000w\" sizes=\"(min-width: 2200px) 100vw, (min-width: 856px) 300px, (min-width: 784px) 400px, (min-width: 712px) 600px, (min-width: 640px) 712px, \" \/><\/div><\/div><\/div><div class=\"swiper-slide\"><div class=\"fusion-carousel-item-wrapper\"><div class=\"fusion-image-wrapper hover-type-none\"><img decoding=\"async\" width=\"2000\" height=\"1333\" src=\"https:\/\/www.meyer-immobilien.com\/wp-content\/uploads\/2021\/12\/DSC05694.jpg\" class=\"attachment-full size-full\" alt=\"\" srcset=\"https:\/\/www.meyer-immobilien.com\/wp-content\/uploads\/2021\/12\/DSC05694-200x133.jpg 200w, https:\/\/www.meyer-immobilien.com\/wp-content\/uploads\/2021\/12\/DSC05694-400x267.jpg 400w, https:\/\/www.meyer-immobilien.com\/wp-content\/uploads\/2021\/12\/DSC05694-600x400.jpg 600w, https:\/\/www.meyer-immobilien.com\/wp-content\/uploads\/2021\/12\/DSC05694-800x533.jpg 800w, https:\/\/www.meyer-immobilien.com\/wp-content\/uploads\/2021\/12\/DSC05694-1200x800.jpg 1200w, https:\/\/www.meyer-immobilien.com\/wp-content\/uploads\/2021\/12\/DSC05694.jpg 2000w\" sizes=\"(min-width: 2200px) 100vw, (min-width: 856px) 300px, (min-width: 784px) 400px, (min-width: 712px) 600px, (min-width: 640px) 712px, \" \/><\/div><\/div><\/div><\/div><\/div><\/div><\/div><\/div><\/div><\/div>\n<div class=\"fusion-fullwidth fullwidth-box fusion-builder-row-6 fusion-flex-container hundred-percent-fullwidth non-hundred-percent-height-scrolling fusion-no-large-visibility\" style=\"--awb-border-radius-top-left:0px;--awb-border-radius-top-right:0px;--awb-border-radius-bottom-right:0px;--awb-border-radius-bottom-left:0px;--awb-padding-right:0px;--awb-padding-bottom:0px;--awb-padding-left:0px;--awb-margin-top:-20px;--awb-margin-bottom:-60px;--awb-margin-top-small:-10px;--awb-margin-bottom-small:0px;--awb-flex-wrap:wrap;\" ><div class=\"fusion-builder-row fusion-row fusion-flex-align-items-flex-start fusion-flex-content-wrap\" style=\"width:104% !important;max-width:104% !important;margin-left: calc(-4% \/ 2 );margin-right: calc(-4% \/ 2 );\"><div class=\"fusion-layout-column fusion_builder_column fusion-builder-column-20 fusion_builder_column_1_1 1_1 fusion-flex-column\" style=\"--awb-bg-size:cover;--awb-width-large:100%;--awb-margin-top-large:0px;--awb-spacing-right-large:-10px;--awb-margin-bottom-large:0px;--awb-spacing-left-large:1.92%;--awb-width-medium:100%;--awb-order-medium:0;--awb-spacing-right-medium:1.92%;--awb-spacing-left-medium:1.92%;--awb-width-small:100%;--awb-order-small:0;--awb-spacing-right-small:1.92%;--awb-spacing-left-small:1.92%;\"><div class=\"fusion-column-wrapper fusion-column-has-shadow fusion-flex-justify-content-flex-start fusion-content-layout-column\"><div class=\"fusion-image-carousel fusion-image-carousel-auto fusion-image-carousel-2\"><div class=\"awb-carousel awb-swiper awb-swiper-carousel\" data-autoplay=\"yes\" data-columns=\"2\" data-itemmargin=\"0\" data-itemwidth=\"180\" data-touchscroll=\"no\" data-imagesize=\"auto\" style=\"--awb-columns:2;--awb-column-spacing:0px;\"><div class=\"swiper-wrapper awb-image-carousel-wrapper fusion-flex-align-items-center\"><div class=\"swiper-slide\"><div class=\"fusion-carousel-item-wrapper\"><div class=\"fusion-image-wrapper hover-type-none\"><img decoding=\"async\" width=\"2000\" height=\"1333\" src=\"https:\/\/www.meyer-immobilien.com\/wp-content\/uploads\/2021\/12\/DSC05576.jpg\" class=\"attachment-full size-full\" alt=\"\" srcset=\"https:\/\/www.meyer-immobilien.com\/wp-content\/uploads\/2021\/12\/DSC05576-200x133.jpg 200w, https:\/\/www.meyer-immobilien.com\/wp-content\/uploads\/2021\/12\/DSC05576-400x267.jpg 400w, https:\/\/www.meyer-immobilien.com\/wp-content\/uploads\/2021\/12\/DSC05576-600x400.jpg 600w, https:\/\/www.meyer-immobilien.com\/wp-content\/uploads\/2021\/12\/DSC05576-800x533.jpg 800w, https:\/\/www.meyer-immobilien.com\/wp-content\/uploads\/2021\/12\/DSC05576-1200x800.jpg 1200w, https:\/\/www.meyer-immobilien.com\/wp-content\/uploads\/2021\/12\/DSC05576.jpg 2000w\" sizes=\"(min-width: 2200px) 100vw, (min-width: 712px) 600px, (min-width: 640px) 712px, \" \/><\/div><\/div><\/div><div class=\"swiper-slide\"><div class=\"fusion-carousel-item-wrapper\"><div class=\"fusion-image-wrapper hover-type-none\"><img decoding=\"async\" width=\"2000\" height=\"1333\" src=\"https:\/\/www.meyer-immobilien.com\/wp-content\/uploads\/2021\/12\/DSC05471.jpg\" class=\"attachment-full size-full\" alt=\"\" srcset=\"https:\/\/www.meyer-immobilien.com\/wp-content\/uploads\/2021\/12\/DSC05471-200x133.jpg 200w, https:\/\/www.meyer-immobilien.com\/wp-content\/uploads\/2021\/12\/DSC05471-400x267.jpg 400w, https:\/\/www.meyer-immobilien.com\/wp-content\/uploads\/2021\/12\/DSC05471-600x400.jpg 600w, https:\/\/www.meyer-immobilien.com\/wp-content\/uploads\/2021\/12\/DSC05471-800x533.jpg 800w, https:\/\/www.meyer-immobilien.com\/wp-content\/uploads\/2021\/12\/DSC05471-1200x800.jpg 1200w, https:\/\/www.meyer-immobilien.com\/wp-content\/uploads\/2021\/12\/DSC05471.jpg 2000w\" sizes=\"(min-width: 2200px) 100vw, (min-width: 712px) 600px, (min-width: 640px) 712px, \" \/><\/div><\/div><\/div><div class=\"swiper-slide\"><div class=\"fusion-carousel-item-wrapper\"><div class=\"fusion-image-wrapper hover-type-none\"><img decoding=\"async\" width=\"2000\" height=\"1333\" src=\"https:\/\/www.meyer-immobilien.com\/wp-content\/uploads\/2021\/12\/DSC05732.jpg\" class=\"attachment-full size-full\" alt=\"\" srcset=\"https:\/\/www.meyer-immobilien.com\/wp-content\/uploads\/2021\/12\/DSC05732-200x133.jpg 200w, https:\/\/www.meyer-immobilien.com\/wp-content\/uploads\/2021\/12\/DSC05732-400x267.jpg 400w, https:\/\/www.meyer-immobilien.com\/wp-content\/uploads\/2021\/12\/DSC05732-600x400.jpg 600w, https:\/\/www.meyer-immobilien.com\/wp-content\/uploads\/2021\/12\/DSC05732-800x533.jpg 800w, https:\/\/www.meyer-immobilien.com\/wp-content\/uploads\/2021\/12\/DSC05732-1200x800.jpg 1200w, https:\/\/www.meyer-immobilien.com\/wp-content\/uploads\/2021\/12\/DSC05732.jpg 2000w\" sizes=\"(min-width: 2200px) 100vw, (min-width: 712px) 600px, (min-width: 640px) 712px, \" \/><\/div><\/div><\/div><div class=\"swiper-slide\"><div class=\"fusion-carousel-item-wrapper\"><div class=\"fusion-image-wrapper hover-type-none\"><img decoding=\"async\" width=\"2000\" height=\"1333\" src=\"https:\/\/www.meyer-immobilien.com\/wp-content\/uploads\/2021\/12\/DSC05519.jpg\" class=\"attachment-full size-full\" alt=\"\" srcset=\"https:\/\/www.meyer-immobilien.com\/wp-content\/uploads\/2021\/12\/DSC05519-200x133.jpg 200w, https:\/\/www.meyer-immobilien.com\/wp-content\/uploads\/2021\/12\/DSC05519-400x267.jpg 400w, https:\/\/www.meyer-immobilien.com\/wp-content\/uploads\/2021\/12\/DSC05519-600x400.jpg 600w, https:\/\/www.meyer-immobilien.com\/wp-content\/uploads\/2021\/12\/DSC05519-800x533.jpg 800w, https:\/\/www.meyer-immobilien.com\/wp-content\/uploads\/2021\/12\/DSC05519-1200x800.jpg 1200w, https:\/\/www.meyer-immobilien.com\/wp-content\/uploads\/2021\/12\/DSC05519.jpg 2000w\" sizes=\"(min-width: 2200px) 100vw, (min-width: 712px) 600px, (min-width: 640px) 712px, \" \/><\/div><\/div><\/div><div class=\"swiper-slide\"><div class=\"fusion-carousel-item-wrapper\"><div class=\"fusion-image-wrapper hover-type-none\"><img decoding=\"async\" width=\"2000\" height=\"1333\" src=\"https:\/\/www.meyer-immobilien.com\/wp-content\/uploads\/2021\/12\/DSC05597.jpg\" class=\"attachment-full size-full\" alt=\"\" srcset=\"https:\/\/www.meyer-immobilien.com\/wp-content\/uploads\/2021\/12\/DSC05597-200x133.jpg 200w, https:\/\/www.meyer-immobilien.com\/wp-content\/uploads\/2021\/12\/DSC05597-400x267.jpg 400w, https:\/\/www.meyer-immobilien.com\/wp-content\/uploads\/2021\/12\/DSC05597-600x400.jpg 600w, https:\/\/www.meyer-immobilien.com\/wp-content\/uploads\/2021\/12\/DSC05597-800x533.jpg 800w, https:\/\/www.meyer-immobilien.com\/wp-content\/uploads\/2021\/12\/DSC05597-1200x800.jpg 1200w, https:\/\/www.meyer-immobilien.com\/wp-content\/uploads\/2021\/12\/DSC05597.jpg 2000w\" sizes=\"(min-width: 2200px) 100vw, (min-width: 712px) 600px, (min-width: 640px) 712px, \" \/><\/div><\/div><\/div><div class=\"swiper-slide\"><div class=\"fusion-carousel-item-wrapper\"><div class=\"fusion-image-wrapper hover-type-none\"><img decoding=\"async\" width=\"2000\" height=\"1333\" src=\"https:\/\/www.meyer-immobilien.com\/wp-content\/uploads\/2021\/12\/DSC05694.jpg\" class=\"attachment-full size-full\" alt=\"\" srcset=\"https:\/\/www.meyer-immobilien.com\/wp-content\/uploads\/2021\/12\/DSC05694-200x133.jpg 200w, https:\/\/www.meyer-immobilien.com\/wp-content\/uploads\/2021\/12\/DSC05694-400x267.jpg 400w, https:\/\/www.meyer-immobilien.com\/wp-content\/uploads\/2021\/12\/DSC05694-600x400.jpg 600w, https:\/\/www.meyer-immobilien.com\/wp-content\/uploads\/2021\/12\/DSC05694-800x533.jpg 800w, https:\/\/www.meyer-immobilien.com\/wp-content\/uploads\/2021\/12\/DSC05694-1200x800.jpg 1200w, https:\/\/www.meyer-immobilien.com\/wp-content\/uploads\/2021\/12\/DSC05694.jpg 2000w\" sizes=\"(min-width: 2200px) 100vw, (min-width: 712px) 600px, (min-width: 640px) 712px, \" \/><\/div><\/div><\/div><\/div><\/div><\/div><\/div><\/div><\/div><\/div>\n<\/p>\n","protected":false},"excerpt":{"rendered":"","protected":false},"author":1,"featured_media":0,"parent":0,"menu_order":0,"comment_status":"closed","ping_status":"closed","template":"100-width.php","meta":{"footnotes":""},"yoast_head":"<!-- This site is optimized with the Yoast SEO plugin v22.8 - https:\/\/yoast.com\/wordpress\/plugins\/seo\/ -->\n<title>Home - Firma Meyer-Immobilien<\/title>\n<meta name=\"robots\" content=\"index, follow, max-snippet:-1, max-image-preview:large, max-video-preview:-1\" \/>\n<link rel=\"canonical\" href=\"https:\/\/www.meyer-immobilien.com\/\" \/>\n<meta property=\"og:locale\" content=\"de_DE\" \/>\n<meta property=\"og:type\" content=\"article\" \/>\n<meta property=\"og:title\" content=\"Home - Firma Meyer-Immobilien\" \/>\n<meta property=\"og:url\" content=\"https:\/\/www.meyer-immobilien.com\/\" \/>\n<meta property=\"og:site_name\" content=\"Firma Meyer-Immobilien\" \/>\n<meta property=\"article:modified_time\" content=\"2022-05-31T08:03:52+00:00\" \/>\n<meta name=\"twitter:card\" content=\"summary_large_image\" \/>\n<meta name=\"twitter:label1\" content=\"Gesch\u00e4tzte Lesezeit\" \/>\n\t<meta name=\"twitter:data1\" content=\"25\u00a0Minuten\" \/>\n<script type=\"application\/ld+json\" class=\"yoast-schema-graph\">{\"@context\":\"https:\/\/schema.org\",\"@graph\":[{\"@type\":\"WebPage\",\"@id\":\"https:\/\/www.meyer-immobilien.com\/\",\"url\":\"https:\/\/www.meyer-immobilien.com\/\",\"name\":\"Home - Firma Meyer-Immobilien\",\"isPartOf\":{\"@id\":\"https:\/\/www.meyer-immobilien.com\/#website\"},\"datePublished\":\"2019-02-28T13:07:29+00:00\",\"dateModified\":\"2022-05-31T08:03:52+00:00\",\"breadcrumb\":{\"@id\":\"https:\/\/www.meyer-immobilien.com\/#breadcrumb\"},\"inLanguage\":\"de\",\"potentialAction\":[{\"@type\":\"ReadAction\",\"target\":[\"https:\/\/www.meyer-immobilien.com\/\"]}]},{\"@type\":\"BreadcrumbList\",\"@id\":\"https:\/\/www.meyer-immobilien.com\/#breadcrumb\",\"itemListElement\":[{\"@type\":\"ListItem\",\"position\":1,\"name\":\"Startseite\",\"item\":\"https:\/\/www.meyer-immobilien.com\/\"},{\"@type\":\"ListItem\",\"position\":2,\"name\":\"Home\"}]},{\"@type\":\"WebSite\",\"@id\":\"https:\/\/www.meyer-immobilien.com\/#website\",\"url\":\"https:\/\/www.meyer-immobilien.com\/\",\"name\":\"Firma Meyer-Immobilien\",\"description\":\"\",\"potentialAction\":[{\"@type\":\"SearchAction\",\"target\":{\"@type\":\"EntryPoint\",\"urlTemplate\":\"https:\/\/www.meyer-immobilien.com\/?s={search_term_string}\"},\"query-input\":\"required name=search_term_string\"}],\"inLanguage\":\"de\"}]}<\/script>\n<!-- \/ Yoast SEO plugin. -->","yoast_head_json":{"title":"Home - Firma Meyer-Immobilien","robots":{"index":"index","follow":"follow","max-snippet":"max-snippet:-1","max-image-preview":"max-image-preview:large","max-video-preview":"max-video-preview:-1"},"canonical":"https:\/\/www.meyer-immobilien.com\/","og_locale":"de_DE","og_type":"article","og_title":"Home - Firma Meyer-Immobilien","og_url":"https:\/\/www.meyer-immobilien.com\/","og_site_name":"Firma Meyer-Immobilien","article_modified_time":"2022-05-31T08:03:52+00:00","twitter_card":"summary_large_image","twitter_misc":{"Gesch\u00e4tzte Lesezeit":"25\u00a0Minuten"},"schema":{"@context":"https:\/\/schema.org","@graph":[{"@type":"WebPage","@id":"https:\/\/www.meyer-immobilien.com\/","url":"https:\/\/www.meyer-immobilien.com\/","name":"Home - Firma Meyer-Immobilien","isPartOf":{"@id":"https:\/\/www.meyer-immobilien.com\/#website"},"datePublished":"2019-02-28T13:07:29+00:00","dateModified":"2022-05-31T08:03:52+00:00","breadcrumb":{"@id":"https:\/\/www.meyer-immobilien.com\/#breadcrumb"},"inLanguage":"de","potentialAction":[{"@type":"ReadAction","target":["https:\/\/www.meyer-immobilien.com\/"]}]},{"@type":"BreadcrumbList","@id":"https:\/\/www.meyer-immobilien.com\/#breadcrumb","itemListElement":[{"@type":"ListItem","position":1,"name":"Startseite","item":"https:\/\/www.meyer-immobilien.com\/"},{"@type":"ListItem","position":2,"name":"Home"}]},{"@type":"WebSite","@id":"https:\/\/www.meyer-immobilien.com\/#website","url":"https:\/\/www.meyer-immobilien.com\/","name":"Firma Meyer-Immobilien","description":"","potentialAction":[{"@type":"SearchAction","target":{"@type":"EntryPoint","urlTemplate":"https:\/\/www.meyer-immobilien.com\/?s={search_term_string}"},"query-input":"required name=search_term_string"}],"inLanguage":"de"}]}},"_links":{"self":[{"href":"https:\/\/www.meyer-immobilien.com\/index.php\/wp-json\/wp\/v2\/pages\/6"}],"collection":[{"href":"https:\/\/www.meyer-immobilien.com\/index.php\/wp-json\/wp\/v2\/pages"}],"about":[{"href":"https:\/\/www.meyer-immobilien.com\/index.php\/wp-json\/wp\/v2\/types\/page"}],"author":[{"embeddable":true,"href":"https:\/\/www.meyer-immobilien.com\/index.php\/wp-json\/wp\/v2\/users\/1"}],"replies":[{"embeddable":true,"href":"https:\/\/www.meyer-immobilien.com\/index.php\/wp-json\/wp\/v2\/comments?post=6"}],"version-history":[{"count":57,"href":"https:\/\/www.meyer-immobilien.com\/index.php\/wp-json\/wp\/v2\/pages\/6\/revisions"}],"predecessor-version":[{"id":2857,"href":"https:\/\/www.meyer-immobilien.com\/index.php\/wp-json\/wp\/v2\/pages\/6\/revisions\/2857"}],"wp:attachment":[{"href":"https:\/\/www.meyer-immobilien.com\/index.php\/wp-json\/wp\/v2\/media?parent=6"}],"curies":[{"name":"wp","href":"https:\/\/api.w.org\/{rel}","templated":true}]}}